{"id":292,"date":"2015-12-02T13:52:36","date_gmt":"2015-12-02T12:52:36","guid":{"rendered":"http:\/\/70jahre.bui.haw-hamburg.de\/70jahre\/?page_id=292"},"modified":"2016-11-18T11:57:27","modified_gmt":"2016-11-18T10:57:27","slug":"veranstaltungen","status":"publish","type":"page","link":"https:\/\/intransformation.hamburg\/index.php\/veranstaltungen\/","title":{"rendered":"Veranstaltungen"},"content":{"rendered":"<p><strong>Auftaktveranstaltung<\/strong><\/p>\n<p><span style=\"font-weight: 400;\">Das Jubil\u00e4umsjahr wurde Anfang Februar 2016 mit der Fachtagung \u00bb<\/span>Move and Make \u2013 in\/trans\/formation durch Themen, Trends und Visionen<span style=\"font-weight: 400;\">\u00ab\u00a0er\u00f6ffnet. <a style=\"color: #f8324b;\" href=\"http:\/\/www.intransformation.hamburg\/index.php\/auftaktveranstaltung\/\">Mehr&#8230;<\/a><\/span><\/p>\n<p>&nbsp;<br \/>\n<strong>Ringvorlesung &#8222;Neues Lesen&#8220;<\/strong><\/p>\n<p>Die von Studierenden unter Leitung von Prof. Dr. Ute Krau\u00df-Leichert und Prof. Dr. Ulrike Verch konzipierte Ringvorlesung \u00fcber Ver\u00e4nderungen des Lesens lud im Sommersemester 2016 vom 19. Mai bis zum 30. Juni zur Teilnahme ein. <a href=\"http:\/\/www.intransformation.hamburg\/index.php\/neues-lesen\/\">Mehr&#8230;<\/a><\/p>\n<p>&nbsp;<br \/>\n<strong>Ausstellungser\u00f6ffnung<\/strong><\/p>\n<p><span style=\"font-weight: 400;\">Vom 7. bis 9. Juli 2016 konnte in den R\u00e4umen des Departments Information eine Ausstellung zur Geschichte der bibliothekarischen Ausbildung in Hamburg und deren Wandel erlebt werden. <a style=\"color: #f8324b;\" href=\"http:\/\/www.intransformation.hamburg\/index.php\/ausstellungseroeffnung\/\">Mehr&#8230;<\/a><\/span><\/p>\n<p>&nbsp;<br \/>\n<strong>Festakt zum Jubil\u00e4um<\/strong><\/p>\n<p><span style=\"font-weight: 400;\">Am 24. Oktober 2016 wurde das Jubil\u00e4um der bibliothekarischen Ausbildung mit einem Festakt gefeiert. <a style=\"color: #f8324b;\" href=\"http:\/\/http:\/\/www.intransformation.hamburg\/index.php\/festakt\/\">Mehr&#8230;<\/a><\/span><\/p>\n<p>&nbsp;<\/p>\n","protected":false},"excerpt":{"rendered":"<p>Auftaktveranstaltung Das Jubil\u00e4umsjahr wurde Anfang Februar 2016 mit der Fachtagung \u00bbMove and Make \u2013 in\/trans\/formation durch Themen, Trends und Visionen\u00ab\u00a0er\u00f6ffnet. Mehr&#8230; &nbsp; Ringvorlesung &#8222;Neues Lesen&#8220; Die von Studierenden unter Leitung von Prof. Dr. Ute Krau\u00df-Leichert und Prof. Dr. Ulrike Verch konzipierte Ringvorlesung \u00fcber Ver\u00e4nderungen des Lesens lud im Sommersemester 2016 vom 19. Mai bis zum &#8230; <a class=\"read-more\" href=\"https:\/\/intransformation.hamburg\/index.php\/veranstaltungen\/\">weiterlesen<\/a><\/p>\n","protected":false},"author":3,"featured_media":0,"parent":0,"menu_order":0,"comment_status":"closed","ping_status":"closed","template":"","meta":{"ngg_post_thumbnail":0,"footnotes":"","_mc_calendar":[]},"_links":{"self":[{"href":"https:\/\/intransformation.hamburg\/index.php\/wp-json\/wp\/v2\/pages\/292"}],"collection":[{"href":"https:\/\/intransformation.hamburg\/index.php\/wp-json\/wp\/v2\/pages"}],"about":[{"href":"https:\/\/intransformation.hamburg\/index.php\/wp-json\/wp\/v2\/types\/page"}],"author":[{"embeddable":true,"href":"https:\/\/intransformation.hamburg\/index.php\/wp-json\/wp\/v2\/users\/3"}],"replies":[{"embeddable":true,"href":"https:\/\/intransformation.hamburg\/index.php\/wp-json\/wp\/v2\/comments?post=292"}],"version-history":[{"count":25,"href":"https:\/\/intransformation.hamburg\/index.php\/wp-json\/wp\/v2\/pages\/292\/revisions"}],"predecessor-version":[{"id":2452,"href":"https:\/\/intransformation.hamburg\/index.php\/wp-json\/wp\/v2\/pages\/292\/revisions\/2452"}],"wp:attachment":[{"href":"https:\/\/intransformation.hamburg\/index.php\/wp-json\/wp\/v2\/media?parent=292"}],"curies":[{"name":"wp","href":"https:\/\/api.w.org\/{rel}","templated":true}]}}